{"id":2566,"date":"2013-12-11T10:20:06","date_gmt":"2013-12-11T10:20:06","guid":{"rendered":"http:\/\/www.luthierduquatuor.fr\/?page_id=2566"},"modified":"2020-08-31T11:39:07","modified_gmt":"2020-08-31T11:39:07","slug":"media","status":"publish","type":"page","link":"https:\/\/www.luthierduquatuor.fr\/en\/contact-luthier-bruxelles-belgique\/media\/","title":{"rendered":"Revue de Presse"},"content":{"rendered":"<p style=\"text-align: center;\">Contactez le service de relation presse \u00a0pour tous renseignements \u00e0 propos de \u00a0l&rsquo;Atelier d&rsquo;Ana\u00efs &#8211; Luthier du Quatuor : <a href=\"\/en\/contact@luthierduquatuor.fr\/\">contact@luthierduquatuor.fr<\/a><\/p>\n<h2 style=\"text-align: left;\">Revue de Presse<\/h2>\n<ul>\n<li>09 D\u00e9cembre 2013 : Parution de l&rsquo;interview d&rsquo;Ana\u00efs Gassin dans <strong><a title=\"Site La Lettre du Musicien\" href=\"http:\/\/www.lalettredumusicien.fr\/\">La Lettre du Musicien n\u00b0 441 \u00ab\u00a0La lutherie moderne\u00a0\u00bb p52-53<\/a>\u00a0<\/strong><\/li>\n<li><strong><\/strong>27 D\u00e9cembre 2013 : Interview de Fr\u00e9d\u00e9ric Amadon pour\u00a0<strong><a href=\"http:\/\/fr.calameo.com\/read\/003079226bd36b731b0cc\">Midi-Libre Lunel et H\u00e9rault<\/a><\/strong><\/li>\n<li>30 Janvier 2014 : Interview de Thomas Dumas pour <strong><a title=\"metro-nantes-anais-gassin\" href=\"http:\/\/issuu.com\/metro_france\/docs\/20140130_fr_nantes\/9?e=0\" target=\"_blank\" rel=\"noopener noreferrer\">Metro Nantes<\/a><\/strong><\/li>\n<\/ul>\n<p>&nbsp;<\/p>\n<p>&nbsp;<\/p>\n<p>&nbsp;<\/p>\n<h2>Communiqu\u00e9 de Presse<\/h2>\n<ul>\n<li>Communiqu\u00e9 de Presse : Ana\u00efs Gassin invit\u00e9e \u00e0 <strong><a href=\"http:\/\/www.follejournee.fr\/\">La Folle Journ\u00e9e de Nantes<\/a><\/strong> 2014<\/li>\n<\/ul>\n<div style=\"text-align: center; width:300px; margin: 12px auto;\"><div style=\"margin: 4px 0px;\"><a href=\"http:\/\/calameo.com\/books\/003095739d5e9ca09e0aa\">View this publication on Calam&eacute;o<\/a><\/div><iframe loading=\"lazy\" src=\"\/\/v.calameo.com\/?bkcode=003095739d5e9ca09e0aa&amp;language=en&amp;page=&amp;showsharemenu=true\" width=\"300\" height=\"194\" style=\"width:300px;height:194px\" frameborder=\"0\" scrolling=\"no\" allowtransparency allowfullscreen><\/iframe><div style=\"margin: 4px 0px; font-size: 90%;\"><a rel=\"nofollow\" href=\"http:\/\/calameo.com\/upload\">Publish<\/a> at <a href=\"http:\/\/calameo.com\">Calam&eacute;o<\/a> or <a href=\"http:\/\/calameo.com\/browse\/weekly\/?o=7&amp;w=DESC\">browse<\/a> the library.<\/div><\/div>\n<p>&nbsp;<\/p>\n<p>&nbsp;<\/p>\n<p>&nbsp;<\/p>\n<p>&nbsp;<\/p>","protected":false},"excerpt":{"rendered":"<p>Contactez le service de relation presse \u00a0pour tous renseignements \u00e0 propos de \u00a0l&rsquo;Atelier d&rsquo;Ana\u00efs &#8211; Luthier du Quatuor : contact@luthierduquatuor.fr Revue de Presse 09 D\u00e9cembre 2013 : Parution de l&rsquo;interview d&rsquo;Ana\u00efs Gassin dans La Lettre du Musicien n\u00b0 441 \u00ab\u00a0La lutherie moderne\u00a0\u00bb p52-53\u00a0 27 D\u00e9cembre 2013 : Interview de Fr\u00e9d\u00e9ric [&hellip;]<\/p>\n","protected":false},"author":1,"featured_media":2698,"parent":44,"menu_order":0,"comment_status":"closed","ping_status":"closed","template":"","meta":{"footnotes":""},"class_list":["post-2566","page","type-page","status-publish","has-post-thumbnail","hentry"],"yoast_head":"<!-- This site is optimized with the Yoast SEO plugin v27.5 - https:\/\/yoast.com\/product\/yoast-seo-wordpress\/ -->\n<title>Revue de Presse - AG Violins<\/title>\n<meta name=\"robots\" content=\"index, follow, max-snippet:-1, max-image-preview:large, max-video-preview:-1\" \/>\n<link rel=\"canonical\" href=\"https:\/\/www.luthierduquatuor.fr\/en\/contact-luthier-bruxelles-belgique\/media\/\" \/>\n<meta property=\"og:locale\" content=\"en_GB\" \/>\n<meta property=\"og:type\" content=\"article\" \/>\n<meta property=\"og:title\" content=\"Revue de Presse - AG Violins\" \/>\n<meta property=\"og:description\" content=\"Contactez le service de relation presse \u00a0pour tous renseignements \u00e0 propos de \u00a0l&rsquo;Atelier d&rsquo;Ana\u00efs &#8211; Luthier du Quatuor : contact@luthierduquatuor.fr Revue de Presse 09 D\u00e9cembre 2013 : Parution de l&rsquo;interview d&rsquo;Ana\u00efs Gassin dans La Lettre du Musicien n\u00b0 441 \u00ab\u00a0La lutherie moderne\u00a0\u00bb p52-53\u00a0 27 D\u00e9cembre 2013 : Interview de Fr\u00e9d\u00e9ric [&hellip;]\" \/>\n<meta property=\"og:url\" content=\"https:\/\/www.luthierduquatuor.fr\/en\/contact-luthier-bruxelles-belgique\/media\/\" \/>\n<meta property=\"og:site_name\" content=\"AG Violins\" \/>\n<meta property=\"article:publisher\" content=\"https:\/\/www.facebook.com\/luthierduquatuor\/\" \/>\n<meta property=\"article:modified_time\" content=\"2020-08-31T11:39:07+00:00\" \/>\n<meta property=\"og:image\" content=\"https:\/\/www.luthierduquatuor.fr\/wp-content\/uploads\/2013\/12\/Volute-Luthier-du-Quatuor.jpeg\" \/>\n\t<meta property=\"og:image:width\" content=\"838\" \/>\n\t<meta property=\"og:image:height\" content=\"618\" \/>\n\t<meta property=\"og:image:type\" content=\"image\/jpeg\" \/>\n<meta name=\"twitter:card\" content=\"summary_large_image\" \/>\n<meta name=\"twitter:site\" content=\"@AnaisGassin\" \/>\n<script type=\"application\/ld+json\" class=\"yoast-schema-graph\">{\"@context\":\"https:\\\/\\\/schema.org\",\"@graph\":[{\"@type\":\"WebPage\",\"@id\":\"https:\\\/\\\/www.luthierduquatuor.fr\\\/contact-luthier-bruxelles-belgique\\\/media\\\/\",\"url\":\"https:\\\/\\\/www.luthierduquatuor.fr\\\/contact-luthier-bruxelles-belgique\\\/media\\\/\",\"name\":\"Revue de Presse - AG Violins\",\"isPartOf\":{\"@id\":\"https:\\\/\\\/www.luthierduquatuor.fr\\\/en\\\/#website\"},\"primaryImageOfPage\":{\"@id\":\"https:\\\/\\\/www.luthierduquatuor.fr\\\/contact-luthier-bruxelles-belgique\\\/media\\\/#primaryimage\"},\"image\":{\"@id\":\"https:\\\/\\\/www.luthierduquatuor.fr\\\/contact-luthier-bruxelles-belgique\\\/media\\\/#primaryimage\"},\"thumbnailUrl\":\"https:\\\/\\\/i0.wp.com\\\/www.luthierduquatuor.fr\\\/wp-content\\\/uploads\\\/2013\\\/12\\\/Volute-Luthier-du-Quatuor.jpeg?fit=838%2C618&ssl=1\",\"datePublished\":\"2013-12-11T10:20:06+00:00\",\"dateModified\":\"2020-08-31T11:39:07+00:00\",\"breadcrumb\":{\"@id\":\"https:\\\/\\\/www.luthierduquatuor.fr\\\/contact-luthier-bruxelles-belgique\\\/media\\\/#breadcrumb\"},\"inLanguage\":\"en-GB\",\"potentialAction\":[{\"@type\":\"ReadAction\",\"target\":[\"https:\\\/\\\/www.luthierduquatuor.fr\\\/contact-luthier-bruxelles-belgique\\\/media\\\/\"]}]},{\"@type\":\"ImageObject\",\"inLanguage\":\"en-GB\",\"@id\":\"https:\\\/\\\/www.luthierduquatuor.fr\\\/contact-luthier-bruxelles-belgique\\\/media\\\/#primaryimage\",\"url\":\"https:\\\/\\\/i0.wp.com\\\/www.luthierduquatuor.fr\\\/wp-content\\\/uploads\\\/2013\\\/12\\\/Volute-Luthier-du-Quatuor.jpeg?fit=838%2C618&ssl=1\",\"contentUrl\":\"https:\\\/\\\/i0.wp.com\\\/www.luthierduquatuor.fr\\\/wp-content\\\/uploads\\\/2013\\\/12\\\/Volute-Luthier-du-Quatuor.jpeg?fit=838%2C618&ssl=1\",\"width\":838,\"height\":618},{\"@type\":\"BreadcrumbList\",\"@id\":\"https:\\\/\\\/www.luthierduquatuor.fr\\\/contact-luthier-bruxelles-belgique\\\/media\\\/#breadcrumb\",\"itemListElement\":[{\"@type\":\"ListItem\",\"position\":1,\"name\":\"Home\",\"item\":\"https:\\\/\\\/www.luthierduquatuor.fr\\\/en\\\/\"},{\"@type\":\"ListItem\",\"position\":2,\"name\":\"Contact\",\"item\":\"https:\\\/\\\/www.luthierduquatuor.fr\\\/contact-luthier-bruxelles-belgique\\\/\"},{\"@type\":\"ListItem\",\"position\":3,\"name\":\"Revue de Presse\"}]},{\"@type\":\"WebSite\",\"@id\":\"https:\\\/\\\/www.luthierduquatuor.fr\\\/en\\\/#website\",\"url\":\"https:\\\/\\\/www.luthierduquatuor.fr\\\/en\\\/\",\"name\":\"AG Violins\",\"description\":\"Ana\u00efs Gassin - Luthier du quatuor\",\"publisher\":{\"@id\":\"https:\\\/\\\/www.luthierduquatuor.fr\\\/en\\\/#organization\"},\"potentialAction\":[{\"@type\":\"SearchAction\",\"target\":{\"@type\":\"EntryPoint\",\"urlTemplate\":\"https:\\\/\\\/www.luthierduquatuor.fr\\\/en\\\/?s={search_term_string}\"},\"query-input\":{\"@type\":\"PropertyValueSpecification\",\"valueRequired\":true,\"valueName\":\"search_term_string\"}}],\"inLanguage\":\"en-GB\"},{\"@type\":\"Organization\",\"@id\":\"https:\\\/\\\/www.luthierduquatuor.fr\\\/en\\\/#organization\",\"name\":\"AG Violins\",\"url\":\"https:\\\/\\\/www.luthierduquatuor.fr\\\/en\\\/\",\"logo\":{\"@type\":\"ImageObject\",\"inLanguage\":\"en-GB\",\"@id\":\"https:\\\/\\\/www.luthierduquatuor.fr\\\/en\\\/#\\\/schema\\\/logo\\\/image\\\/\",\"url\":\"https:\\\/\\\/www.luthierduquatuor.fr\\\/wp-content\\\/uploads\\\/2020\\\/05\\\/AG_Luthier-du-Quatuor.jpg\",\"contentUrl\":\"https:\\\/\\\/www.luthierduquatuor.fr\\\/wp-content\\\/uploads\\\/2020\\\/05\\\/AG_Luthier-du-Quatuor.jpg\",\"width\":480,\"height\":636,\"caption\":\"AG Violins\"},\"image\":{\"@id\":\"https:\\\/\\\/www.luthierduquatuor.fr\\\/en\\\/#\\\/schema\\\/logo\\\/image\\\/\"},\"sameAs\":[\"https:\\\/\\\/www.facebook.com\\\/luthierduquatuor\\\/\",\"https:\\\/\\\/x.com\\\/AnaisGassin\"]}]}<\/script>\n<!-- \/ Yoast SEO plugin. -->","yoast_head_json":{"title":"Revue de Presse - AG Violins","robots":{"index":"index","follow":"follow","max-snippet":"max-snippet:-1","max-image-preview":"max-image-preview:large","max-video-preview":"max-video-preview:-1"},"canonical":"https:\/\/www.luthierduquatuor.fr\/en\/contact-luthier-bruxelles-belgique\/media\/","og_locale":"en_GB","og_type":"article","og_title":"Revue de Presse - AG Violins","og_description":"Contactez le service de relation presse \u00a0pour tous renseignements \u00e0 propos de \u00a0l&rsquo;Atelier d&rsquo;Ana\u00efs &#8211; Luthier du Quatuor : contact@luthierduquatuor.fr Revue de Presse 09 D\u00e9cembre 2013 : Parution de l&rsquo;interview d&rsquo;Ana\u00efs Gassin dans La Lettre du Musicien n\u00b0 441 \u00ab\u00a0La lutherie moderne\u00a0\u00bb p52-53\u00a0 27 D\u00e9cembre 2013 : Interview de Fr\u00e9d\u00e9ric [&hellip;]","og_url":"https:\/\/www.luthierduquatuor.fr\/en\/contact-luthier-bruxelles-belgique\/media\/","og_site_name":"AG Violins","article_publisher":"https:\/\/www.facebook.com\/luthierduquatuor\/","article_modified_time":"2020-08-31T11:39:07+00:00","og_image":[{"width":838,"height":618,"url":"https:\/\/www.luthierduquatuor.fr\/wp-content\/uploads\/2013\/12\/Volute-Luthier-du-Quatuor.jpeg","type":"image\/jpeg"}],"twitter_card":"summary_large_image","twitter_site":"@AnaisGassin","schema":{"@context":"https:\/\/schema.org","@graph":[{"@type":"WebPage","@id":"https:\/\/www.luthierduquatuor.fr\/contact-luthier-bruxelles-belgique\/media\/","url":"https:\/\/www.luthierduquatuor.fr\/contact-luthier-bruxelles-belgique\/media\/","name":"Revue de Presse - AG Violins","isPartOf":{"@id":"https:\/\/www.luthierduquatuor.fr\/en\/#website"},"primaryImageOfPage":{"@id":"https:\/\/www.luthierduquatuor.fr\/contact-luthier-bruxelles-belgique\/media\/#primaryimage"},"image":{"@id":"https:\/\/www.luthierduquatuor.fr\/contact-luthier-bruxelles-belgique\/media\/#primaryimage"},"thumbnailUrl":"https:\/\/i0.wp.com\/www.luthierduquatuor.fr\/wp-content\/uploads\/2013\/12\/Volute-Luthier-du-Quatuor.jpeg?fit=838%2C618&ssl=1","datePublished":"2013-12-11T10:20:06+00:00","dateModified":"2020-08-31T11:39:07+00:00","breadcrumb":{"@id":"https:\/\/www.luthierduquatuor.fr\/contact-luthier-bruxelles-belgique\/media\/#breadcrumb"},"inLanguage":"en-GB","potentialAction":[{"@type":"ReadAction","target":["https:\/\/www.luthierduquatuor.fr\/contact-luthier-bruxelles-belgique\/media\/"]}]},{"@type":"ImageObject","inLanguage":"en-GB","@id":"https:\/\/www.luthierduquatuor.fr\/contact-luthier-bruxelles-belgique\/media\/#primaryimage","url":"https:\/\/i0.wp.com\/www.luthierduquatuor.fr\/wp-content\/uploads\/2013\/12\/Volute-Luthier-du-Quatuor.jpeg?fit=838%2C618&ssl=1","contentUrl":"https:\/\/i0.wp.com\/www.luthierduquatuor.fr\/wp-content\/uploads\/2013\/12\/Volute-Luthier-du-Quatuor.jpeg?fit=838%2C618&ssl=1","width":838,"height":618},{"@type":"BreadcrumbList","@id":"https:\/\/www.luthierduquatuor.fr\/contact-luthier-bruxelles-belgique\/media\/#breadcrumb","itemListElement":[{"@type":"ListItem","position":1,"name":"Home","item":"https:\/\/www.luthierduquatuor.fr\/en\/"},{"@type":"ListItem","position":2,"name":"Contact","item":"https:\/\/www.luthierduquatuor.fr\/contact-luthier-bruxelles-belgique\/"},{"@type":"ListItem","position":3,"name":"Revue de Presse"}]},{"@type":"WebSite","@id":"https:\/\/www.luthierduquatuor.fr\/en\/#website","url":"https:\/\/www.luthierduquatuor.fr\/en\/","name":"AG Violins","description":"Ana\u00efs Gassin - Luthier du quatuor","publisher":{"@id":"https:\/\/www.luthierduquatuor.fr\/en\/#organization"},"potentialAction":[{"@type":"SearchAction","target":{"@type":"EntryPoint","urlTemplate":"https:\/\/www.luthierduquatuor.fr\/en\/?s={search_term_string}"},"query-input":{"@type":"PropertyValueSpecification","valueRequired":true,"valueName":"search_term_string"}}],"inLanguage":"en-GB"},{"@type":"Organization","@id":"https:\/\/www.luthierduquatuor.fr\/en\/#organization","name":"AG Violins","url":"https:\/\/www.luthierduquatuor.fr\/en\/","logo":{"@type":"ImageObject","inLanguage":"en-GB","@id":"https:\/\/www.luthierduquatuor.fr\/en\/#\/schema\/logo\/image\/","url":"https:\/\/www.luthierduquatuor.fr\/wp-content\/uploads\/2020\/05\/AG_Luthier-du-Quatuor.jpg","contentUrl":"https:\/\/www.luthierduquatuor.fr\/wp-content\/uploads\/2020\/05\/AG_Luthier-du-Quatuor.jpg","width":480,"height":636,"caption":"AG Violins"},"image":{"@id":"https:\/\/www.luthierduquatuor.fr\/en\/#\/schema\/logo\/image\/"},"sameAs":["https:\/\/www.facebook.com\/luthierduquatuor\/","https:\/\/x.com\/AnaisGassin"]}]}},"jetpack_shortlink":"https:\/\/wp.me\/P3Qmw9-Fo","jetpack_sharing_enabled":true,"jetpack_likes_enabled":true,"jetpack-related-posts":[],"_links":{"self":[{"href":"https:\/\/www.luthierduquatuor.fr\/en\/wp-json\/wp\/v2\/pages\/2566","targetHints":{"allow":["GET"]}}],"collection":[{"href":"https:\/\/www.luthierduquatuor.fr\/en\/wp-json\/wp\/v2\/pages"}],"about":[{"href":"https:\/\/www.luthierduquatuor.fr\/en\/wp-json\/wp\/v2\/types\/page"}],"author":[{"embeddable":true,"href":"https:\/\/www.luthierduquatuor.fr\/en\/wp-json\/wp\/v2\/users\/1"}],"replies":[{"embeddable":true,"href":"https:\/\/www.luthierduquatuor.fr\/en\/wp-json\/wp\/v2\/comments?post=2566"}],"version-history":[{"count":0,"href":"https:\/\/www.luthierduquatuor.fr\/en\/wp-json\/wp\/v2\/pages\/2566\/revisions"}],"up":[{"embeddable":true,"href":"https:\/\/www.luthierduquatuor.fr\/en\/wp-json\/wp\/v2\/pages\/44"}],"wp:featuredmedia":[{"embeddable":true,"href":"https:\/\/www.luthierduquatuor.fr\/en\/wp-json\/wp\/v2\/media\/2698"}],"wp:attachment":[{"href":"https:\/\/www.luthierduquatuor.fr\/en\/wp-json\/wp\/v2\/media?parent=2566"}],"curies":[{"name":"wp","href":"https:\/\/api.w.org\/{rel}","templated":true}]}}